{"id":1029,"date":"2025-04-25T15:33:23","date_gmt":"2025-04-25T13:33:23","guid":{"rendered":"https:\/\/neu.architekturpfad.ch\/mentions-legales\/"},"modified":"2025-06-24T15:06:08","modified_gmt":"2025-06-24T13:06:08","slug":"mentions-legales","status":"publish","type":"page","link":"https:\/\/architekturpfad.ch\/fr\/mentions-legales\/","title":{"rendered":"Mentions l\u00e9gales"},"content":{"rendered":"<p><section class=\"fusion-fullwidth fullwidth-box fusion-builder-row-1 fusion-flex-container has-pattern-background has-mask-background nonhundred-percent-fullwidth non-hundred-percent-height-scrolling\" style=\"--awb-border-radius-top-left:0px;--awb-border-radius-top-right:0px;--awb-border-radius-bottom-right:0px;--awb-border-radius-bottom-left:0px;--awb-padding-top:5%;--awb-padding-bottom:7%;--awb-flex-wrap:wrap;\" ><div class=\"fusion-builder-row fusion-row fusion-flex-align-items-flex-start fusion-flex-justify-content-center fusion-flex-content-wrap\" style=\"max-width:1420.64px;margin-left: calc(-4% \/ 2 );margin-right: calc(-4% \/ 2 );\"><div class=\"fusion-layout-column fusion_builder_column fusion-builder-column-0 fusion_builder_column_3_5 3_5 fusion-flex-column\" style=\"--awb-bg-size:cover;--awb-width-large:60%;--awb-margin-top-large:0px;--awb-spacing-right-large:3.2%;--awb-margin-bottom-large:20px;--awb-spacing-left-large:3.2%;--awb-width-medium:60%;--awb-order-medium:0;--awb-spacing-right-medium:3.2%;--awb-spacing-left-medium:3.2%;--awb-width-small:100%;--awb-order-small:0;--awb-spacing-right-small:1.92%;--awb-spacing-left-small:1.92%;\"><div class=\"fusion-column-wrapper fusion-column-has-shadow fusion-flex-justify-content-flex-start fusion-content-layout-column\"><div class=\"fusion-text fusion-text-1\"><h1 style=\"text-align: center;\">Mentions l\u00e9gales<\/h1>\n<\/div><div class=\"fusion-separator fusion-full-width-sep heading-separator\" style=\"align-self: center;margin-left: auto;margin-right: auto;width:100%;\"><div class=\"fusion-separator-border sep-single\" style=\"--awb-height:20px;--awb-amount:20px;border-color:var(--awb-color4);border-top-width:2px;\"><\/div><\/div><div class=\"fusion-text fusion-text-2\"><p style=\"text-align: center;\">Sentier architectural Dornach Arlesheim<br \/>R\u00fcttiweg 45<br \/>4143 Dornach<br \/>+41 61 706 44 38<br \/><a href=\"mailto:info@architekturpfad.ch\">info@architekturpfad.ch<\/a><\/p>\n<\/div><\/div><\/div><\/div><\/section><section class=\"fusion-fullwidth fullwidth-box fusion-builder-row-2 fusion-flex-container has-pattern-background has-mask-background nonhundred-percent-fullwidth non-hundred-percent-height-scrolling\" style=\"--awb-border-radius-top-left:0px;--awb-border-radius-top-right:0px;--awb-border-radius-bottom-right:0px;--awb-border-radius-bottom-left:0px;--awb-padding-top:5%;--awb-padding-bottom:7%;--awb-background-color:var(--awb-color3);--awb-flex-wrap:wrap;\" ><div class=\"fusion-builder-row fusion-row fusion-flex-align-items-flex-start fusion-flex-justify-content-center fusion-flex-content-wrap\" style=\"max-width:1420.64px;margin-left: calc(-4% \/ 2 );margin-right: calc(-4% \/ 2 );\"><div class=\"fusion-layout-column fusion_builder_column fusion-builder-column-1 fusion_builder_column_3_5 3_5 fusion-flex-column\" style=\"--awb-bg-size:cover;--awb-width-large:60%;--awb-margin-top-large:0px;--awb-spacing-right-large:3.2%;--awb-margin-bottom-large:20px;--awb-spacing-left-large:3.2%;--awb-width-medium:60%;--awb-order-medium:0;--awb-spacing-right-medium:3.2%;--awb-spacing-left-medium:3.2%;--awb-width-small:100%;--awb-order-small:0;--awb-spacing-right-small:1.92%;--awb-spacing-left-small:1.92%;\"><div class=\"fusion-column-wrapper fusion-column-has-shadow fusion-flex-justify-content-flex-start fusion-content-layout-column\"><div class=\"fusion-text fusion-text-3\"><h2 style=\"text-align: center;\">Droits d&rsquo;image<\/h2>\n<\/div><div class=\"fusion-separator fusion-full-width-sep heading-separator\" style=\"align-self: center;margin-left: auto;margin-right: auto;width:100%;\"><div class=\"fusion-separator-border sep-single\" style=\"--awb-height:20px;--awb-amount:20px;border-color:var(--awb-color4);border-top-width:2px;\"><\/div><\/div><div class=\"fusion-text fusion-text-4\"><h3>Page d&rsquo;accueil<\/h3>\n<p>Slider : \u00a9 Charlotte Fischer<br \/>Stations des sentiers : \u00a9 Sentier architectural Dornach Arlesheim<br \/>Visites guid\u00e9es : \u00a9 Charlotte Fischer<br \/>Sur les traces du style architectural plastique et organique : architecture et nature \u00a9 Charlotte Fischer \/ Mensch \u00a9 Architekturpfad Dornach Arlesheim<\/p>\n<h3>Page Contact<\/h3>\n<p>Sentier architectural Dornach Arlesheim<\/p>\n<h3>Sous-pages Stations<\/h3>\n<p>Colonie : \u00a9 Architekturpfad Dornach Arlesheim<\/p>\n<p>Paysage : \u00a9 Sentier architectural Dornach Arlesheim<\/p>\n<p>Mat\u00e9riel : \u00a9 Norbert Roztocki<\/p>\n<p>Style : \u00a9 Sentier architectural Dornach Arlesheim, Archives Rudolf Steiner, Norbert Roztocki, Norbert Roztocki<\/p>\n<p>Environnement : \u00a9 Archives Baravalle<\/p>\n<p>Liens : \u00a9 Sentier architectural Dornach Arlesheim<\/p>\n<h3>Sous-pages maisons<\/h3>\n<p>Maison de verre : \u00a9 Jolanthe Kugler<\/p>\n<p>Maison Duldeck : Images : \u00a9 Jolanthe Kugler | Image de droite au centre \u00a9 Norbert Roztocki<\/p>\n<p>Haus Moser : Images Maison : \u00a9 Jolanthe Kugler | Image \u00ab\u00a0Wagon de chemin de fer \u00a9 Baravalle-Archives<\/p>\n<p>Maison Ranzenberger II : image principale en haut, image \u00e0 droite 2\u00e8me \u00e0 partir du bas : \u00a9 Jolanthe Kugler | Dessin : Architekturpfad Dornach Arlesheim | Image \u00e0 droite 1. d&rsquo;en bas : Sentier architectural Dornach Arlesheim <\/p>\n<p>Le terril Rudolf Steiner : Jolanthe Kugler<\/p>\n<p>Maison des transformateurs : \u00a9 Jolanthe Kugler<\/p>\n<\/div><\/div><\/div><\/div><\/section><section class=\"fusion-fullwidth fullwidth-box fusion-builder-row-3 fusion-flex-container has-pattern-background has-mask-background nonhundred-percent-fullwidth non-hundred-percent-height-scrolling\" style=\"--awb-border-radius-top-left:0px;--awb-border-radius-top-right:0px;--awb-border-radius-bottom-right:0px;--awb-border-radius-bottom-left:0px;--awb-padding-top:5%;--awb-padding-bottom:7%;--awb-flex-wrap:wrap;\" ><div class=\"fusion-builder-row fusion-row fusion-flex-align-items-flex-start fusion-flex-justify-content-center fusion-flex-content-wrap\" style=\"max-width:1420.64px;margin-left: calc(-4% \/ 2 );margin-right: calc(-4% \/ 2 );\"><\/div><\/section><\/p>\n","protected":false},"excerpt":{"rendered":"","protected":false},"author":1,"featured_media":0,"parent":0,"menu_order":0,"comment_status":"closed","ping_status":"closed","template":"100-width.php","meta":{"footnotes":""},"class_list":["post-1029","page","type-page","status-publish","hentry"],"yoast_head":"<!-- This site is optimized with the Yoast SEO plugin v27.5 - https:\/\/yoast.com\/product\/yoast-seo-wordpress\/ -->\n<title>Mentions l\u00e9gales - Architekturpfade<\/title>\n<meta name=\"description\" content=\"Sentier architectural Dornach Arlesheim | R\u00fcttiweg 45 | 4143 Dornach | T\u00e9l\u00e9phone : +41 61 706 44 38 | E-mail : info@architekturpfad.ch\" \/>\n<meta name=\"robots\" content=\"index, follow, max-snippet:-1, max-image-preview:large, max-video-preview:-1\" \/>\n<link rel=\"canonical\" href=\"https:\/\/architekturpfad.ch\/fr\/mentions-legales\/\" \/>\n<meta property=\"og:locale\" content=\"fr_FR\" \/>\n<meta property=\"og:type\" content=\"article\" \/>\n<meta property=\"og:title\" content=\"Mentions l\u00e9gales - Architekturpfade\" \/>\n<meta property=\"og:description\" content=\"Sentier architectural Dornach Arlesheim | R\u00fcttiweg 45 | 4143 Dornach | T\u00e9l\u00e9phone : +41 61 706 44 38 | E-mail : info@architekturpfad.ch\" \/>\n<meta property=\"og:url\" content=\"https:\/\/architekturpfad.ch\/fr\/mentions-legales\/\" \/>\n<meta property=\"og:site_name\" content=\"Architekturpfade\" \/>\n<meta property=\"article:modified_time\" content=\"2025-06-24T13:06:08+00:00\" \/>\n<meta name=\"twitter:card\" content=\"summary_large_image\" \/>\n<meta name=\"twitter:label1\" content=\"Dur\u00e9e de lecture estim\u00e9e\" \/>\n\t<meta name=\"twitter:data1\" content=\"8 minutes\" \/>\n<script type=\"application\/ld+json\" class=\"yoast-schema-graph\">{\"@context\":\"https:\\\/\\\/schema.org\",\"@graph\":[{\"@type\":\"WebPage\",\"@id\":\"https:\\\/\\\/architekturpfad.ch\\\/fr\\\/mentions-legales\\\/\",\"url\":\"https:\\\/\\\/architekturpfad.ch\\\/fr\\\/mentions-legales\\\/\",\"name\":\"Mentions l\u00e9gales - Architekturpfade\",\"isPartOf\":{\"@id\":\"https:\\\/\\\/architekturpfad.ch\\\/fr\\\/#website\"},\"datePublished\":\"2025-04-25T13:33:23+00:00\",\"dateModified\":\"2025-06-24T13:06:08+00:00\",\"description\":\"Sentier architectural Dornach Arlesheim | R\u00fcttiweg 45 | 4143 Dornach | T\u00e9l\u00e9phone : +41 61 706 44 38 | E-mail : info@architekturpfad.ch\",\"breadcrumb\":{\"@id\":\"https:\\\/\\\/architekturpfad.ch\\\/fr\\\/mentions-legales\\\/#breadcrumb\"},\"inLanguage\":\"fr-FR\",\"potentialAction\":[{\"@type\":\"ReadAction\",\"target\":[\"https:\\\/\\\/architekturpfad.ch\\\/fr\\\/mentions-legales\\\/\"]}]},{\"@type\":\"BreadcrumbList\",\"@id\":\"https:\\\/\\\/architekturpfad.ch\\\/fr\\\/mentions-legales\\\/#breadcrumb\",\"itemListElement\":[{\"@type\":\"ListItem\",\"position\":1,\"name\":\"Startseite\",\"item\":\"https:\\\/\\\/architekturpfad.ch\\\/fr\\\/\"},{\"@type\":\"ListItem\",\"position\":2,\"name\":\"Mentions l\u00e9gales\"}]},{\"@type\":\"WebSite\",\"@id\":\"https:\\\/\\\/architekturpfad.ch\\\/fr\\\/#website\",\"url\":\"https:\\\/\\\/architekturpfad.ch\\\/fr\\\/\",\"name\":\"Architekturpfade\",\"description\":\"\",\"publisher\":{\"@id\":\"https:\\\/\\\/architekturpfad.ch\\\/fr\\\/#organization\"},\"potentialAction\":[{\"@type\":\"SearchAction\",\"target\":{\"@type\":\"EntryPoint\",\"urlTemplate\":\"https:\\\/\\\/architekturpfad.ch\\\/fr\\\/?s={search_term_string}\"},\"query-input\":{\"@type\":\"PropertyValueSpecification\",\"valueRequired\":true,\"valueName\":\"search_term_string\"}}],\"inLanguage\":\"fr-FR\"},{\"@type\":\"Organization\",\"@id\":\"https:\\\/\\\/architekturpfad.ch\\\/fr\\\/#organization\",\"name\":\"Architekturpfade\",\"url\":\"https:\\\/\\\/architekturpfad.ch\\\/fr\\\/\",\"logo\":{\"@type\":\"ImageObject\",\"inLanguage\":\"fr-FR\",\"@id\":\"https:\\\/\\\/architekturpfad.ch\\\/fr\\\/#\\\/schema\\\/logo\\\/image\\\/\",\"url\":\"https:\\\/\\\/architekturpfad.ch\\\/wp-content\\\/uploads\\\/2025\\\/03\\\/Architekturpfade_Logo_retina_v1.png\",\"contentUrl\":\"https:\\\/\\\/architekturpfad.ch\\\/wp-content\\\/uploads\\\/2025\\\/03\\\/Architekturpfade_Logo_retina_v1.png\",\"width\":1134,\"height\":142,\"caption\":\"Architekturpfade\"},\"image\":{\"@id\":\"https:\\\/\\\/architekturpfad.ch\\\/fr\\\/#\\\/schema\\\/logo\\\/image\\\/\"}}]}<\/script>\n<!-- \/ Yoast SEO plugin. -->","yoast_head_json":{"title":"Mentions l\u00e9gales - Architekturpfade","description":"Sentier architectural Dornach Arlesheim | R\u00fcttiweg 45 | 4143 Dornach | T\u00e9l\u00e9phone : +41 61 706 44 38 | E-mail : info@architekturpfad.ch","robots":{"index":"index","follow":"follow","max-snippet":"max-snippet:-1","max-image-preview":"max-image-preview:large","max-video-preview":"max-video-preview:-1"},"canonical":"https:\/\/architekturpfad.ch\/fr\/mentions-legales\/","og_locale":"fr_FR","og_type":"article","og_title":"Mentions l\u00e9gales - Architekturpfade","og_description":"Sentier architectural Dornach Arlesheim | R\u00fcttiweg 45 | 4143 Dornach | T\u00e9l\u00e9phone : +41 61 706 44 38 | E-mail : info@architekturpfad.ch","og_url":"https:\/\/architekturpfad.ch\/fr\/mentions-legales\/","og_site_name":"Architekturpfade","article_modified_time":"2025-06-24T13:06:08+00:00","twitter_card":"summary_large_image","twitter_misc":{"Dur\u00e9e de lecture estim\u00e9e":"8 minutes"},"schema":{"@context":"https:\/\/schema.org","@graph":[{"@type":"WebPage","@id":"https:\/\/architekturpfad.ch\/fr\/mentions-legales\/","url":"https:\/\/architekturpfad.ch\/fr\/mentions-legales\/","name":"Mentions l\u00e9gales - Architekturpfade","isPartOf":{"@id":"https:\/\/architekturpfad.ch\/fr\/#website"},"datePublished":"2025-04-25T13:33:23+00:00","dateModified":"2025-06-24T13:06:08+00:00","description":"Sentier architectural Dornach Arlesheim | R\u00fcttiweg 45 | 4143 Dornach | T\u00e9l\u00e9phone : +41 61 706 44 38 | E-mail : info@architekturpfad.ch","breadcrumb":{"@id":"https:\/\/architekturpfad.ch\/fr\/mentions-legales\/#breadcrumb"},"inLanguage":"fr-FR","potentialAction":[{"@type":"ReadAction","target":["https:\/\/architekturpfad.ch\/fr\/mentions-legales\/"]}]},{"@type":"BreadcrumbList","@id":"https:\/\/architekturpfad.ch\/fr\/mentions-legales\/#breadcrumb","itemListElement":[{"@type":"ListItem","position":1,"name":"Startseite","item":"https:\/\/architekturpfad.ch\/fr\/"},{"@type":"ListItem","position":2,"name":"Mentions l\u00e9gales"}]},{"@type":"WebSite","@id":"https:\/\/architekturpfad.ch\/fr\/#website","url":"https:\/\/architekturpfad.ch\/fr\/","name":"Architekturpfade","description":"","publisher":{"@id":"https:\/\/architekturpfad.ch\/fr\/#organization"},"potentialAction":[{"@type":"SearchAction","target":{"@type":"EntryPoint","urlTemplate":"https:\/\/architekturpfad.ch\/fr\/?s={search_term_string}"},"query-input":{"@type":"PropertyValueSpecification","valueRequired":true,"valueName":"search_term_string"}}],"inLanguage":"fr-FR"},{"@type":"Organization","@id":"https:\/\/architekturpfad.ch\/fr\/#organization","name":"Architekturpfade","url":"https:\/\/architekturpfad.ch\/fr\/","logo":{"@type":"ImageObject","inLanguage":"fr-FR","@id":"https:\/\/architekturpfad.ch\/fr\/#\/schema\/logo\/image\/","url":"https:\/\/architekturpfad.ch\/wp-content\/uploads\/2025\/03\/Architekturpfade_Logo_retina_v1.png","contentUrl":"https:\/\/architekturpfad.ch\/wp-content\/uploads\/2025\/03\/Architekturpfade_Logo_retina_v1.png","width":1134,"height":142,"caption":"Architekturpfade"},"image":{"@id":"https:\/\/architekturpfad.ch\/fr\/#\/schema\/logo\/image\/"}}]}},"_links":{"self":[{"href":"https:\/\/architekturpfad.ch\/fr\/wp-json\/wp\/v2\/pages\/1029","targetHints":{"allow":["GET"]}}],"collection":[{"href":"https:\/\/architekturpfad.ch\/fr\/wp-json\/wp\/v2\/pages"}],"about":[{"href":"https:\/\/architekturpfad.ch\/fr\/wp-json\/wp\/v2\/types\/page"}],"author":[{"embeddable":true,"href":"https:\/\/architekturpfad.ch\/fr\/wp-json\/wp\/v2\/users\/1"}],"replies":[{"embeddable":true,"href":"https:\/\/architekturpfad.ch\/fr\/wp-json\/wp\/v2\/comments?post=1029"}],"version-history":[{"count":11,"href":"https:\/\/architekturpfad.ch\/fr\/wp-json\/wp\/v2\/pages\/1029\/revisions"}],"predecessor-version":[{"id":1344,"href":"https:\/\/architekturpfad.ch\/fr\/wp-json\/wp\/v2\/pages\/1029\/revisions\/1344"}],"wp:attachment":[{"href":"https:\/\/architekturpfad.ch\/fr\/wp-json\/wp\/v2\/media?parent=1029"}],"curies":[{"name":"wp","href":"https:\/\/api.w.org\/{rel}","templated":true}]}}